{"id":1604,"date":"2021-12-25T19:58:42","date_gmt":"2021-12-25T17:58:42","guid":{"rendered":"https:\/\/deftereou-law.gr\/%ce%bc%ce%af%cf%83%ce%b8%cf%89%cf%83%ce%b7-%ce%b1%ce%ba%ce%b9%ce%bd%ce%ae%cf%84%ce%bf%cf%85-%ce%b4%ce%b9%ce%ba%ce%b7%ce%b3%cf%8c%cf%81%ce%bf%cf%82\/"},"modified":"2025-07-01T12:17:30","modified_gmt":"2025-07-01T09:17:30","slug":"gayrimenkul-kiralama-avukati","status":"publish","type":"page","link":"https:\/\/deftereou-law.gr\/tr\/gayrimenkul-kiralama-avukati\/","title":{"rendered":"Gayrimenkul Kiralama Avukat\u0131"},"content":{"rendered":"<p>[et_pb_section fb_built=&#8221;1&#8243; _builder_version=&#8221;4.16&#8243; background_color=&#8221;rgba(0,0,0,0.4)&#8221; background_color_gradient_direction=&#8221;90deg&#8221; background_image=&#8221;https:\/\/deftereou-law.gr\/wp-content\/uploads\/2021\/10\/deftereou-dikigoriko-grafeio-top-img.webp&#8221; background_blend=&#8221;overlay&#8221; custom_padding=&#8221;8vw||8vw||true|false&#8221; global_colors_info=&#8221;{}&#8221;][et_pb_row _builder_version=&#8221;4.16&#8243; animation_style=&#8221;slide&#8221; animation_direction=&#8221;bottom&#8221; animation_duration=&#8221;2000ms&#8221; animation_intensity_slide=&#8221;8%&#8221; global_colors_info=&#8221;{}&#8221;][et_pb_column type=&#8221;4_4&#8243; _builder_version=&#8221;4.16&#8243; animation_direction=&#8221;left&#8221; global_colors_info=&#8221;{}&#8221;][et_pb_text _builder_version=&#8221;4.21.0&#8243; _module_preset=&#8221;default&#8221; text_font=&#8221;|700||on|||||&#8221; text_text_color=&#8221;#A3926B&#8221; text_font_size=&#8221;13px&#8221; text_letter_spacing=&#8221;4px&#8221; text_orientation=&#8221;center&#8221; background_layout=&#8221;dark&#8221; custom_margin=&#8221;||10px||false|false&#8221; global_colors_info=&#8221;{}&#8221;]<\/p>\n<p>Bizi tan\u0131y\u0131n<\/p>\n<p>[\/et_pb_text][et_pb_text _builder_version=&#8221;4.21.0&#8243; header_font=&#8221;|700|||||||&#8221; header_text_align=&#8221;center&#8221; header_text_color=&#8221;#FFFFFF&#8221; header_font_size=&#8221;60px&#8221; global_colors_info=&#8221;{}&#8221;]<\/p>\n<h1>Gayrimenkul Kiralama Avukat\u0131<\/h1>\n<p>[\/et_pb_text][et_pb_button button_url=&#8221;https:\/\/deftereou-law.gr\/tr\/epikoinonia\/&#8221; button_text=&#8221;B\u0130R RANDEVU AYARLA&#8221; button_alignment=&#8221;center&#8221; _builder_version=&#8221;4.21.0&#8243; custom_button=&#8221;on&#8221; button_text_size=&#8221;15px&#8221; button_text_color=&#8221;#FFFFFF&#8221; button_bg_color=&#8221;#A3926B&#8221; button_border_width=&#8221;0px&#8221; button_border_radius=&#8221;50px&#8221; button_font=&#8221;|700|||||||&#8221; button_use_icon=&#8221;off&#8221; custom_padding=&#8221;6px|20px|6px|20px|true|true&#8221; box_shadow_style=&#8221;preset1&#8243; global_colors_info=&#8221;{}&#8221; button_text_color__hover_enabled=&#8221;off|desktop&#8221; button_bg_color__hover_enabled=&#8221;on|hover&#8221; button_bg_color__hover=&#8221;#222222&#8243; button_bg_enable_color__hover=&#8221;on&#8221;][\/et_pb_button][\/et_pb_column][\/et_pb_row][\/et_pb_section][et_pb_section fb_built=&#8221;1&#8243; _builder_version=&#8221;4.16&#8243; custom_padding=&#8221;0px||0px||false|false&#8221; global_colors_info=&#8221;{}&#8221;][et_pb_row column_structure=&#8221;2_3,1_3&#8243; make_equal=&#8221;on&#8221; _builder_version=&#8221;4.16&#8243; custom_padding=&#8221;75px||75px||true|false&#8221; global_colors_info=&#8221;{}&#8221;][et_pb_column type=&#8221;2_3&#8243; _builder_version=&#8221;4.16&#8243; global_colors_info=&#8221;{}&#8221;][et_pb_text admin_label=&#8221;\u039a\u03b5\u03af\u03bc\u03b5\u03bd\u03bf&#8221; _builder_version=&#8221;4.21.0&#8243; text_font=&#8221;|700||on|||||&#8221; text_text_color=&#8221;#a38b49&#8243; text_font_size=&#8221;13px&#8221; text_letter_spacing=&#8221;4px&#8221; background_enable_color=&#8221;off&#8221; custom_margin=&#8221;||10px||false|false&#8221; custom_padding_last_edited=&#8221;off|desktop&#8221; custom_css_main_element=&#8221;width: fit-content;&#8221; global_colors_info=&#8221;{}&#8221;]<\/p>\n<p>Bizim felsefemiz<\/p>\n<p>[\/et_pb_text][et_pb_image src=&#8221;https:\/\/deftereou-law.gr\/wp-content\/uploads\/2021\/12\/enoikiash_katoikias.webp&#8221; alt=&#8221;\u039c\u03af\u03c3\u03b8\u03c9\u03c3\u03b7 \u0391\u03ba\u03b9\u03bd\u03ae\u03c4\u03bf\u03c5 \u0394\u03b9\u03ba\u03b7\u03b3\u03cc\u03c1\u03bf\u03c2&#8221; title_text=&#8221;\u039c\u03af\u03c3\u03b8\u03c9\u03c3\u03b7 \u0391\u03ba\u03b9\u03bd\u03ae\u03c4\u03bf\u03c5 \u0394\u03b9\u03ba\u03b7\u03b3\u03cc\u03c1\u03bf\u03c2&#8221; _builder_version=&#8221;4.16&#8243; _module_preset=&#8221;default&#8221; width=&#8221;22.8%&#8221; global_colors_info=&#8221;{}&#8221;][\/et_pb_image][et_pb_text admin_label=&#8221;\u039a\u03b5\u03af\u03bc\u03b5\u03bd\u03bf&#8221; _builder_version=&#8221;4.21.0&#8243; custom_margin=&#8221;||20px||false|false&#8221; global_colors_info=&#8221;{}&#8221;]<\/p>\n<div id=\"ez-toc-container\" class=\"ez-toc-v2_0_87 counter-hierarchy ez-toc-counter ez-toc-grey ez-toc-container-direction\">\n<div class=\"ez-toc-title-container\">\n<p class=\"ez-toc-title\" style=\"cursor:inherit\">\u03a0\u03af\u03bd\u03b1\u03ba\u03b1\u03c2 \u03a0\u03b5\u03c1\u03b9\u03b5\u03c7\u03bf\u03bc\u03ad\u03bd\u03c9\u03bd<\/p>\n<span class=\"ez-toc-title-toggle\"><a href=\"#\" class=\"ez-toc-pull-right ez-toc-btn ez-toc-btn-xs ez-toc-btn-default ez-toc-toggle\" aria-label=\"\u0130\u00e7indekiler Tablosunu A\u00e7\/Kapat\"><span class=\"ez-toc-js-icon-con\"><span class=\"\"><span class=\"eztoc-hide\" style=\"display:none;\">Toggle<\/span><span class=\"ez-toc-icon-toggle-span\"><svg style=\"fill: #999;color:#999\" xmlns=\"http:\/\/www.w3.org\/2000\/svg\" class=\"list-377408\" width=\"20px\" height=\"20px\" viewBox=\"0 0 24 24\" fill=\"none\"><path d=\"M6 6H4v2h2V6zm14 0H8v2h12V6zM4 11h2v2H4v-2zm16 0H8v2h12v-2zM4 16h2v2H4v-2zm16 0H8v2h12v-2z\" fill=\"currentColor\"><\/path><\/svg><svg style=\"fill: #999;color:#999\" class=\"arrow-unsorted-368013\" xmlns=\"http:\/\/www.w3.org\/2000\/svg\" width=\"10px\" height=\"10px\" viewBox=\"0 0 24 24\" version=\"1.2\" baseProfile=\"tiny\"><path d=\"M18.2 9.3l-6.2-6.3-6.2 6.3c-.2.2-.3.4-.3.7s.1.5.3.7c.2.2.4.3.7.3h11c.3 0 .5-.1.7-.3.2-.2.3-.5.3-.7s-.1-.5-.3-.7zM5.8 14.7l6.2 6.3 6.2-6.3c.2-.2.3-.5.3-.7s-.1-.5-.3-.7c-.2-.2-.4-.3-.7-.3h-11c-.3 0-.5.1-.7.3-.2.2-.3.5-.3.7s.1.5.3.7z\"\/><\/svg><\/span><\/span><\/span><\/a><\/span><\/div>\n<nav><ul class='ez-toc-list ez-toc-list-level-1 eztoc-toggle-hide-by-default' ><li class='ez-toc-page-1 ez-toc-heading-level-2'><a class=\"ez-toc-link ez-toc-heading-1\" href=\"https:\/\/deftereou-law.gr\/tr\/gayrimenkul-kiralama-avukati\/#Mulk_Kiralama\" >M\u00fclk Kiralama<\/a><\/li><li class='ez-toc-page-1 ez-toc-heading-level-2'><a class=\"ez-toc-link ez-toc-heading-2\" href=\"https:\/\/deftereou-law.gr\/tr\/gayrimenkul-kiralama-avukati\/#Profesyonel_Kiralama_Avukati\" >Profesyonel Kiralama Avukat\u0131<\/a><\/li><li class='ez-toc-page-1 ez-toc-heading-level-2'><a class=\"ez-toc-link ez-toc-heading-3\" href=\"https:\/\/deftereou-law.gr\/tr\/gayrimenkul-kiralama-avukati\/#Kiracilar_icin_avukatlar\" >Kirac\u0131lar i\u00e7in avukatlar<\/a><\/li><li class='ez-toc-page-1 ez-toc-heading-level-2'><a class=\"ez-toc-link ez-toc-heading-4\" href=\"https:\/\/deftereou-law.gr\/tr\/gayrimenkul-kiralama-avukati\/#Gayrimenkul_Kira_Avukati\" >Gayrimenkul Kira Avukat\u0131<\/a><\/li><li class='ez-toc-page-1 ez-toc-heading-level-2'><a class=\"ez-toc-link ez-toc-heading-5\" href=\"https:\/\/deftereou-law.gr\/tr\/gayrimenkul-kiralama-avukati\/#Kiraci_Haklari\" >Kirac\u0131 Haklar\u0131<\/a><\/li><li class='ez-toc-page-1 ez-toc-heading-level-2'><a class=\"ez-toc-link ez-toc-heading-6\" href=\"https:\/\/deftereou-law.gr\/tr\/gayrimenkul-kiralama-avukati\/#Ticari_Kiralamalar_icin_Hukuk_Danismani\" >Ticari Kiralamalar i\u00e7in Hukuk Dan\u0131\u015fman\u0131<\/a><\/li><li class='ez-toc-page-1 ez-toc-heading-level-2'><a class=\"ez-toc-link ez-toc-heading-7\" href=\"https:\/\/deftereou-law.gr\/tr\/gayrimenkul-kiralama-avukati\/#Kiracilar_icin_Avukatlar\" >Kirac\u0131lar i\u00e7in Avukatlar<\/a><\/li><li class='ez-toc-page-1 ez-toc-heading-level-2'><a class=\"ez-toc-link ez-toc-heading-8\" href=\"https:\/\/deftereou-law.gr\/tr\/gayrimenkul-kiralama-avukati\/#Tahliye_Savunmasi_Avukatlari\" >Tahliye Savunmas\u0131 Avukatlar\u0131<\/a><\/li><li class='ez-toc-page-1 ez-toc-heading-level-2'><a class=\"ez-toc-link ez-toc-heading-9\" href=\"https:\/\/deftereou-law.gr\/tr\/gayrimenkul-kiralama-avukati\/#Kiraciligin_sona_erdirilmesine_iliskin_bildirim\" >Kirac\u0131l\u0131\u011f\u0131n sona erdirilmesine ili\u015fkin bildirim<\/a><\/li><li class='ez-toc-page-1 ez-toc-heading-level-2'><a class=\"ez-toc-link ez-toc-heading-10\" href=\"https:\/\/deftereou-law.gr\/tr\/gayrimenkul-kiralama-avukati\/#Kira_Sozlesmesinin_Sona_Ermesi_Tahliyeler\" >Kira S\u00f6zle\u015fmesinin Sona Ermesi Tahliyeler<\/a><\/li><li class='ez-toc-page-1 ez-toc-heading-level-2'><a class=\"ez-toc-link ez-toc-heading-11\" href=\"https:\/\/deftereou-law.gr\/tr\/gayrimenkul-kiralama-avukati\/#Atinadaki_Emlak_Avukatlari\" >Atina&#8217;daki Emlak Avukatlar\u0131<\/a><\/li><li class='ez-toc-page-1 ez-toc-heading-level-2'><a class=\"ez-toc-link ez-toc-heading-12\" href=\"https:\/\/deftereou-law.gr\/tr\/gayrimenkul-kiralama-avukati\/#Kiracilara_hukuki_destek_saglanmasi\" >Kirac\u0131lara hukuki destek sa\u011flanmas\u0131<\/a><\/li><li class='ez-toc-page-1 ez-toc-heading-level-2'><a class=\"ez-toc-link ez-toc-heading-13\" href=\"https:\/\/deftereou-law.gr\/tr\/gayrimenkul-kiralama-avukati\/#Cozum\" >\u00c7\u00f6z\u00fcm<\/a><\/li><\/ul><\/nav><\/div>\n<h2><span class=\"ez-toc-section\" id=\"Mulk_Kiralama\"><\/span>M\u00fclk Kiralama<span class=\"ez-toc-section-end\"><\/span><\/h2>\n<p>Avukat Anna Deuteriou ve Ortaklar\u0131.<\/p>\n<p>Hem ticari hem de konut kiralama s\u00f6zle\u015fmeleri yap\u0131l\u0131rken bunlar\u0131n haz\u0131rlanmas\u0131 ve genel denetimi i\u00e7in bir avukat\u0131n yard\u0131m\u0131na ihtiya\u00e7 vard\u0131r. Vakalar\u0131 ba\u015far\u0131yla ele al\u0131yoruz:<\/p>\n<p>Ticari kiralamalar<br \/>Konut kiralamalar\u0131<br \/>Sorunlar\u0131n hem mahkeme d\u0131\u015f\u0131nda hem de yetkili mahkemeler \u00f6n\u00fcnde \u00e7\u00f6z\u00fcm\u00fc konusunda tavsiyelerde bulunmak.<br \/>\u00d6zel kira s\u00f6zle\u015fmeleri m\u00fczakere edilirken ve sonu\u00e7land\u0131r\u0131l\u0131rken rehberlik ve hukuki dan\u0131\u015fmanl\u0131k.<\/p>\n<p>Ayr\u0131ca hukuk b\u00fcromuz, \u00fcst d\u00fczey dan\u0131\u015fmanl\u0131k, mahkeme d\u0131\u015f\u0131 ve adli i\u015flemlerle m\u00fcvekkillerin \u00e7\u0131karlar\u0131n\u0131 en iyi \u015fekilde savunmay\u0131 ama\u00e7lamaktad\u0131r. Ayr\u0131ca sivil, bankac\u0131l\u0131k ve di\u011fer anla\u015fmazl\u0131klar\u0131 \u00e7\u00f6zmenin do\u011frudan bir yolu olarak dan\u0131\u015fmanl\u0131k hizmetleri de sa\u011fl\u0131yoruz. Uzman kadromuz, m\u00fc\u015fterilerimizin anla\u015fmazl\u0131klar\u0131n\u0131n an\u0131nda ve etkin \u00e7\u00f6z\u00fcm\u00fcn\u00fc garanti eder. Geni\u015f ortak a\u011f\u0131m\u0131z, dan\u0131\u015fma ve yarg\u0131 d\u00fczeyinde derhal yan\u0131t vererek, m\u00fcd\u00fcrlerimizin gereksinimlerine mutlak verimlilikle yan\u0131t verir. Halen bu alanda uzun y\u0131llara dayanan deneyime sahip oldu\u011fumuzdan, her t\u00fcrl\u00fc ceza ve hukuk davas\u0131n\u0131 y\u00fcr\u00fctmeye haz\u0131r\u0131z.<\/p>\n<h2><span class=\"ez-toc-section\" id=\"Profesyonel_Kiralama_Avukati\"><\/span>Profesyonel Kiralama Avukat\u0131<span class=\"ez-toc-section-end\"><\/span><\/h2>\n<p>\u00d6zel ve t\u00fczel ki\u015filerin davalar\u0131n\u0131 \u00fcstlenmeleri ve ba\u015far\u0131l\u0131 bir \u015fekilde y\u00fcr\u00fctmeleri i\u00e7in gerekli bilgi birikimi ve gerekli \u00f6zen ile her zaman yan\u0131nday\u0131z.<\/p>\n<p>Randevunuzu hemen olu\u015fturmak i\u00e7in bizimle ileti\u015fime ge\u00e7in. Ortaklar\u0131m\u0131zdan biri, davan\u0131z\u0131n mahkeme d\u0131\u015f\u0131 veya adli \u00e7\u00f6z\u00fcm\u00fc i\u00e7in en iyi tavsiyeyi vererek size rehberlik edecektir.<\/p>\n<h2><span class=\"ez-toc-section\" id=\"Kiracilar_icin_avukatlar\"><\/span>Kirac\u0131lar i\u00e7in avukatlar<span class=\"ez-toc-section-end\"><\/span><\/h2>\n<p>Endi\u015felendi\u011finiz konu ile ilgili her t\u00fcrl\u00fc sorunuz i\u00e7in bizi aramaktan veya ileti\u015fim formunu doldurmaktan \u00e7ekinmeyin. \u00c7al\u0131\u015fanlar\u0131m\u0131zdan biri sizi en k\u0131sa randevuyu ayarlamak veya telefonla tavsiyede bulunmak i\u00e7in arayacakt\u0131r.<\/p>\n<h2><span class=\"ez-toc-section\" id=\"Gayrimenkul_Kira_Avukati\"><\/span>Gayrimenkul Kira Avukat\u0131<span class=\"ez-toc-section-end\"><\/span><\/h2>\n<p>Gayrimenkul\u00fcn karma\u015f\u0131k d\u00fcnyas\u0131nda, gayrimenkul kiralama avukatlar\u0131 hem ev sahiplerinin hem de kirac\u0131lar\u0131n \u00e7\u0131karlar\u0131n\u0131n korunmas\u0131nda kritik bir rol oynamaktad\u0131r.<br \/>ve kirac\u0131lar. Kiralama i\u015flemleri alan\u0131nda uzman olan profesyoneller<br \/>avukatlar karma\u015f\u0131k konularda d\u00fcnyaya yard\u0131mc\u0131 olabilecek bilgiye sahip<br \/>m\u00fczakereler, s\u00f6zle\u015fme anla\u015fmalar\u0131 ve olas\u0131 anla\u015fmazl\u0131klar.<\/p>\n<p>Uzmanla\u015fm\u0131\u015f uzmanl\u0131klar\u0131, m\u00fc\u015fterilerin iyi bir donan\u0131ma sahip olmalar\u0131n\u0131 sa\u011flar.<br \/>kiral\u0131k m\u00fclkleri hakk\u0131nda bilin\u00e7li kararlar verebilirler,<br \/>Uyumsuzlukla ili\u015fkili riskleri en aza indirirken veya<br \/>terimlerin yanl\u0131\u015f yorumlanmas\u0131.<\/p>\n<p>Gayrimenkul kiralama avukatlar\u0131n\u0131n \u00f6nemini anlamak,<br \/>Kiraya veren olarak herhangi bir t\u00fcr kira s\u00f6zle\u015fmesine dahil olan ki\u015filer<br \/>ister kirac\u0131 olarak. Kanunlar\u0131n s\u00fcrekli geli\u015fen do\u011fas\u0131 g\u00f6z \u00f6n\u00fcne al\u0131nd\u0131\u011f\u0131nda,<br \/>Gayrimenkul d\u00fczenlemeleri, yetkin bir profesyonelin g\u00f6revlendirilmesi, g\u00fcvence sa\u011flar<br \/>Ki\u015finin haklar\u0131 ve y\u00fck\u00fcml\u00fcl\u00fckleri \u015fu \u015fekilde tan\u0131mlan\u0131r ve korunur:<br \/>Mevcut mevzuat.<\/p>\n<p>Ayr\u0131ca kira incelemeleri, yenilemeler gibi ortak endi\u015felerin a\u00e7\u0131kl\u0131\u011fa kavu\u015fturulmas\u0131<br \/>kiralamalar, \u015fikayetler, tahliye prosed\u00fcrleri ve bak\u0131m sorumluluklar\u0131 &#8211; bu makale<br \/>bu avukatlar\u0131n topluma nas\u0131l katk\u0131da bulundu\u011funa \u0131\u015f\u0131k tutmay\u0131 ama\u00e7lamaktad\u0131r.<br \/>Ev sahibi-kirac\u0131 ili\u015fkilerinde adil sonu\u00e7lara ula\u015fmak.<\/p>\n<h2><span class=\"ez-toc-section\" id=\"Kiraci_Haklari\"><\/span>Kirac\u0131 Haklar\u0131<span class=\"ez-toc-section-end\"><\/span><\/h2>\n<p>Kirac\u0131lar\u0131n haklar\u0131, kirac\u0131lara sa\u011flanan yasal korumay\u0131 ifade eder.<br \/>Apartman ve ev gibi konut m\u00fclklerini kiralayan veya kiraya veren ki\u015filer. Bu kadar<br \/>haklar, kirac\u0131lara iyi davran\u0131lmas\u0131n\u0131 sa\u011flamak i\u00e7in tasarlanm\u0131\u015ft\u0131r<br \/>m\u00fclk sahipleri ve y\u00f6neticileri taraf\u0131ndan m\u00fclk\u00fcn kiralanmas\u0131 s\u0131ras\u0131nda adil bir \u015fekilde<br \/>onlar\u0131n.<\/p>\n<p>Kirac\u0131lara tan\u0131nan \u00f6zel haklar farkl\u0131l\u0131k g\u00f6sterebilir<br \/>yarg\u0131 yetkisine ba\u011fl\u0131d\u0131r. Ancak baz\u0131 ortak temalar da mevcut<br \/>D\u00fcnya \u00e7ap\u0131nda bir\u00e7ok \u00fclke ve eyalet. \u00d6rne\u011fin, \u00e7o\u011fu yarg\u0131 alan\u0131<br \/>kirac\u0131n\u0131n kiral\u0131k m\u00fclkten huzur i\u00e7inde yararlanma hakk\u0131n\u0131 tan\u0131rlar<br \/>birim, bu da rahats\u0131zl\u0131klardan ar\u0131nm\u0131\u015f olmas\u0131 gerekti\u011fi anlam\u0131na gelir<br \/>ba\u015fkalar\u0131n\u0131n (sahibi dahil) neden oldu\u011fu.<\/p>\n<p>Buna ek olarak, pek \u00e7ok yarg\u0131 b\u00f6lgesi g\u00fcvenlik mevduatlar\u0131n\u0131 d\u00fczenleyen yasalar \u00e7\u0131karm\u0131\u015ft\u0131r.<br \/>bak\u0131m sorumluluklar\u0131, tahliye prosed\u00fcrleri ve ayr\u0131mc\u0131l\u0131k uygulamalar\u0131.<br \/>Hem kirac\u0131lar\u0131n hem de ev sahiplerinin bu konulara a\u015fina olmalar\u0131 \u00f6nemlidir.<br \/>olas\u0131 anla\u015fmazl\u0131klar\u0131 veya yanl\u0131\u015f anlamalar\u0131 \u00f6nlemek i\u00e7in haklar<br \/>kiralama s\u00fcresi boyunca ortaya \u00e7\u0131kar. Haklar\u0131n\u0131 bilmek<br \/>Bir kirac\u0131, olas\u0131 ev sahipleriyle \u015fartlar\u0131 m\u00fczakere ederken veya ev sahibi ile ilgili ortaya \u00e7\u0131kabilecek sorunlarla u\u011fra\u015f\u0131rken bir bireye yard\u0131mc\u0131 olabilir.<br \/>zaman ge\u00e7tik\u00e7e.<\/p>\n<p>Ayr\u0131ca anla\u015fmalara ili\u015fkin yerel d\u00fczenlemelere ili\u015fkin bilgiler<br \/>kiralama, s\u00f6m\u00fcr\u00fc veya istismar vakalar\u0131n\u0131n en aza indirilmesine yard\u0131mc\u0131 olur<br \/>konut piyasas\u0131nda. Bu \u015fekilde kirac\u0131lar\u0131n haklar\u0131n\u0131 anlamak<br \/>Kira s\u00f6zle\u015fmelerinde yer alan t\u00fcm taraflara adil davran\u0131lmas\u0131n\u0131 te\u015fvik eder<br \/>kirac\u0131lar ve mal sahipleri aras\u0131nda daha fazla uyumun sa\u011flanmas\u0131na katk\u0131da bulunur<br \/>Emlak.<\/p>\n<h2><span class=\"ez-toc-section\" id=\"Ticari_Kiralamalar_icin_Hukuk_Danismani\"><\/span>Ticari Kiralamalar i\u00e7in Hukuk Dan\u0131\u015fman\u0131<span class=\"ez-toc-section-end\"><\/span><\/h2>\n<p>Mesleki kiralamalarda hukuk m\u00fc\u015favirinin rol\u00fc k\u00fc\u00e7\u00fcmsenemez,<br \/>hem ev sahiplerinin hem de kirac\u0131lar\u0131n<br \/>hak ve y\u00fck\u00fcml\u00fcl\u00fcklerinin tam olarak bilincindedir. Tavsiye vermek<br \/>kiralamalar\u0131n karma\u015f\u0131kl\u0131\u011f\u0131 konusunda uzmanlar, emlak avukatlar\u0131<br \/>kiralama i\u015flemlerinin sorunsuz y\u00fcr\u00fct\u00fclmesine \u00f6nemli katk\u0131 sa\u011flarlar.<\/p>\n<p>Bu, kira s\u00f6zle\u015fmelerinin haz\u0131rlanmas\u0131n\u0131 ve ad\u0131na \u015fartlar\u0131n m\u00fczakere edilmesini i\u00e7erir.<br \/>m\u00fcvekkillerin uyu\u015fmazl\u0131k \u00e7\u00f6z\u00fcm\u00fc prosed\u00fcrlerinde temsili ve temsili. \u00dcstelik,<br \/>bu profesyoneller yerel uyumluluk sorunlar\u0131na yard\u0131mc\u0131 olur<br \/>gayrimenkul kiralamay\u0131 d\u00fczenleyen d\u00fczenlemeler, b\u00f6ylece ilgili t\u00fcm taraflar\u0131n \u00e7\u0131karlar\u0131n\u0131 g\u00fcvence alt\u0131na al\u0131yor.<\/p>\n<p>Ticari gayrimenkul kiralamalar\u0131 s\u0131kl\u0131kla karma\u015f\u0131k h\u00fck\u00fcmler i\u00e7erdi\u011finden,<br \/>indirme i\u015f operasyonlar\u0131n\u0131 ve mali durumu etkileyebilir<br \/>deneyimli bir avukat\u0131n rehberli\u011fi \u00f6nemlidir. Hukuk profesyonelleri<br \/>Bu alanda uzmanla\u015fmak, imar mevzuat\u0131 hakk\u0131nda kapsaml\u0131 bir anlay\u0131\u015fa sahip olmak,<br \/>sigorta gereklilikleri, bak\u0131m y\u00fck\u00fcml\u00fcl\u00fckleri, ayarlama mekanizmalar\u0131<br \/>kira s\u00f6zle\u015fmeleriyle ilgili di\u011fer hayati hususlar\u0131n yan\u0131 s\u0131ra kiralar.<\/p>\n<p>De\u011ferlendirmeden s\u00fcrecin her ad\u0131m\u0131nda m\u00fc\u015fterilerle yak\u0131n i\u015fbirli\u011fi i\u00e7inde \u00e7al\u0131\u015f\u0131rlar.<br \/>Uygun dok\u00fcmantasyon ve y\u00fcr\u00fctme sa\u011flanana kadar potansiyel sitelerin<br \/>bir anla\u015fmaya varmak. Bu \u015fekilde birbirlerini kolayla\u015ft\u0131rmaya yard\u0131mc\u0131 olurlar.<br \/>Ev sahipleri ve kirac\u0131lar aras\u0131nda faydal\u0131 ili\u015fkiler kurarken, ayn\u0131 zamanda riskleri de azalt\u0131yor.<br \/>Gayrimenkul i\u015flemleriyle ilgili.<\/p>\n<h2><span class=\"ez-toc-section\" id=\"Kiracilar_icin_Avukatlar\"><\/span>Kirac\u0131lar i\u00e7in Avukatlar<span class=\"ez-toc-section-end\"><\/span><\/h2>\n<p>Profesyonel kirac\u0131l\u0131k hukuk m\u00fc\u015faviri tart\u0131\u015fmas\u0131na devam edersek, kirac\u0131lar\u0131n da korumaya ve savunuculu\u011fa ihtiya\u00e7 duydu\u011funu kabul etmek \u00f6nemlidir.<\/p>\n<p>Kirac\u0131 avukatlar\u0131, kirac\u0131lara adil davran\u0131lmas\u0131n\u0131n ve kira s\u00f6zle\u015fmeleri kapsam\u0131ndaki haklar\u0131na ili\u015fkin gerekli bilgilere eri\u015fimlerinin sa\u011flanmas\u0131nda kritik bir rol oynamaktad\u0131r.<\/p>\n<p>Bu savunucular, kira m\u00fczakereleri, tahliye savunmalar\u0131, kira kontrol yasalar\u0131, ya\u015fanabilirlik endi\u015feleri, depozito anla\u015fmazl\u0131klar\u0131 ve ayr\u0131mc\u0131l\u0131k \u015fikayetleri gibi konularda rehberlik sa\u011flayarak destek sunar.<\/p>\n<p>Toplumsal kurulu\u015flar, konut acenteleri ve hukuki yard\u0131m hizmetleriyle birlikte \u00e7al\u0131\u015farak, bir yandan sosyal adalet ilkelerini desteklerken, bir yandan da kira piyasas\u0131nda savunmas\u0131z gruplar\u0131n \u00e7\u0131karlar\u0131n\u0131 korumaya \u00e7al\u0131\u015f\u0131yorlar.<\/p>\n<p>Kirac\u0131 temsiline y\u00f6nelik bu kapsaml\u0131 yakla\u015f\u0131m,<br \/>daha adil ya\u015fam ko\u015fullar\u0131 yaratmak ve sakinlerin sa\u011fl\u0131kl\u0131 oldu\u011fu sa\u011fl\u0131kl\u0131 topluluklar\u0131 te\u015fvik etmek<br \/>geli\u015febilirler.<\/p>\n<h2><span class=\"ez-toc-section\" id=\"Tahliye_Savunmasi_Avukatlari\"><\/span>Tahliye Savunmas\u0131 Avukatlar\u0131<span class=\"ez-toc-section-end\"><\/span><\/h2>\n<p>Tahliye savunma avukatlar\u0131 bu alanda kritik bir rol oynamaktad\u0131r<br \/>m\u00fclk kiralama. Bu hukuk uzmanlar\u0131, a\u015fa\u011f\u0131dakilere yard\u0131m sa\u011flama konusunda uzmanla\u015fm\u0131\u015ft\u0131r:<br \/>tahliye i\u015flemleriyle kar\u015f\u0131 kar\u015f\u0131ya kalan kirac\u0131lar\u0131n haklar\u0131n\u0131n g\u00fcvence alt\u0131na al\u0131nmas\u0131 ve<br \/>\u00e7\u0131karlar\u0131 s\u00fcre\u00e7 boyunca uygun \u015fekilde korunur.<\/p>\n<p>Tahliyeler, birka\u00e7\u0131n\u0131 i\u00e7eren karma\u015f\u0131k bir hukuk alan\u0131 olabilir.<br \/>dikkatle kontrol edilmesi gereken yasal gereklilikler ve usul kurallar\u0131<br \/>Adil bir sonu\u00e7 sa\u011flamak i\u00e7in. Bu nedenle, tahliyeye itiraz etmek veya sonu\u00e7lar\u0131n\u0131 hafifletmek isteyenler i\u00e7in deneyimli bir savunma avukat\u0131 \u015fartt\u0131r.<\/p>\n<p>Mahkeme duru\u015fmalar\u0131nda m\u00fcvekkilleri temsil etmenin yan\u0131 s\u0131ra,<br \/>avukatlar ayr\u0131ca eyalet yasalar\u0131 kapsam\u0131nda mevcut olan potansiyel savunmalar hakk\u0131nda tavsiyelerde bulunur, anla\u015fmazl\u0131klar\u0131 dostane bir \u015fekilde \u00e7\u00f6zmek i\u00e7in ev sahipleriyle m\u00fczakere eder ve davaya d\u00f6n\u00fc\u015febilecek yanl\u0131\u015f anlamalar\u0131 \u00f6nlemek i\u00e7in iki taraf aras\u0131ndaki ileti\u015fimi kolayla\u015ft\u0131r\u0131r.<\/p>\n<p>Ek olarak, geli\u015fen konut d\u00fczenlemeleri ve<br \/>sakinlere yard\u0131m etmek i\u00e7in tasarlanm\u0131\u015f programlar hakk\u0131nda bilgi ediniyorlar.<br \/>Avukatlar, bu uzmanl\u0131k alan\u0131ndaki bilgi ve uzmanl\u0131klar\u0131n\u0131 kullanarak, kira hukuku alan\u0131nda adalete adil eri\u015fimin te\u015fvik edilmesine \u00f6nemli bir katk\u0131da bulunmaktad\u0131r.<\/p>\n<h2><span class=\"ez-toc-section\" id=\"Kiraciligin_sona_erdirilmesine_iliskin_bildirim\"><\/span>Kirac\u0131l\u0131\u011f\u0131n sona erdirilmesine ili\u015fkin bildirim<span class=\"ez-toc-section-end\"><\/span><\/h2>\n<p>Tahliye savunma avukatlar\u0131n\u0131 tart\u0131\u015fmaya devam ettikten sonra,<br \/>Kira kanununun hayati bir y\u00f6n\u00fcn\u00fc daha dikkate almak \u00f6nemlidir<br \/>M\u00fclkiyet: Kira s\u00f6zle\u015fmesinin feshi bildirimi.<br \/>Bu yasal s\u00fcre\u00e7 ev sahibinin yaz\u0131l\u0131 bildirimde bulunmas\u0131n\u0131 i\u00e7erir<br \/>Kirac\u0131ya kira s\u00f6zle\u015fmesinin feshedilece\u011finin bildirilmesi<br \/>Belirtilen periyot. Bu t\u00fcr bildirimlerin verilme nedenleri, kiran\u0131n \u00f6denmemesi, s\u00f6zle\u015fme \u015fartlar\u0131n\u0131n ihlali veya yaln\u0131zca sabit s\u00fcreli kirac\u0131l\u0131\u011f\u0131n sona ermesi dahil olmak \u00fczere farkl\u0131l\u0131k g\u00f6sterebilir.<\/p>\n<p>Bu s\u00fcreci ve sonu\u00e7lar\u0131n\u0131 anlamak her iki taraf i\u00e7in de \u00f6nemlidir.<br \/>m\u00fclklerinin m\u00fclkiyetini geri almak isteyen m\u00fclk sahipleri ve onlar i\u00e7in<br \/>Haklar\u0131n\u0131n korunmas\u0131n\u0131 isteyen kirac\u0131lar.<\/p>\n<p>Kira s\u00f6zle\u015fmesinin feshi bildirimi dikkate al\u0131n\u0131rken bunlar\u0131n dikkate al\u0131nmas\u0131 gerekir.<br \/>y\u00fcr\u00fcrl\u00fckteki kanunlar kapsam\u0131nda ge\u00e7erlili\u011fini ve uygulanabilirli\u011fini etkileyen \u00e7e\u015fitli fakt\u00f6rler. Bunlar, uygun hizmet y\u00f6ntemlerini (\u00f6r. ki\u015fisel teslimat, posta), yasalar\u0131n gerektirdi\u011fi belirli zaman \u00e7izelgelerini (yarg\u0131 yetkisine ve fesih nedenine g\u00f6re de\u011fi\u015febilir) ve kira s\u00f6zle\u015fmelerindeki<br \/>Kira s\u00f6zle\u015fmesinin feshinden \u00f6nce verilecek s\u00fcre.<\/p>\n<p>Ayr\u0131ca, uygunsuz veya makul olmayan bildirim nedeniyle tahliyeyle kar\u015f\u0131 kar\u015f\u0131ya kalan kirac\u0131lara baz\u0131 savunmalar sunulabilir. Bunlar, iddia edilen ihlalleri belirli bir s\u00fcre i\u00e7inde gidermelerine olanak tan\u0131yan &#8220;tedavi&#8221; h\u00fck\u00fcmlerine ba\u015fvurmak veya belgenin tebli\u011fi s\u0131ras\u0131nda usule ili\u015fkin usuls\u00fczl\u00fcklere kar\u015f\u0131 \u00e7\u0131kmak aras\u0131nda de\u011fi\u015febilir.<\/p>\n<p>Bu karma\u015f\u0131kl\u0131klar g\u00f6z \u00f6n\u00fcne al\u0131nd\u0131\u011f\u0131nda, ge\u00e7erli d\u00fczenlemelere uygunlu\u011fu sa\u011flamak ve olas\u0131 anla\u015fmazl\u0131klar\u0131 en aza indirmek i\u00e7in her iki taraf\u0131n da kira fesih bildirimleriyle ilgili konularda uygun hukuk m\u00fc\u015favirlerine dan\u0131\u015fmas\u0131 tavsiye edilir.<\/p>\n<h2><span class=\"ez-toc-section\" id=\"Kira_Sozlesmesinin_Sona_Ermesi_Tahliyeler\"><\/span>Kira S\u00f6zle\u015fmesinin Sona Ermesi Tahliyeler<span class=\"ez-toc-section-end\"><\/span><\/h2>\n<p>Bir kira s\u00f6zle\u015fmesini feshetmek genellikle karma\u015f\u0131kt\u0131r, \u00f6zellikle de s\u00f6z konusu oldu\u011funda<br \/>tahliyeler. Tahliye i\u015flemlerine ili\u015fkin yasal h\u00fck\u00fcmler \u00fclkeye g\u00f6re de\u011fi\u015fir<br \/>yarg\u0131 yetkisi. Ancak \u00e7o\u011fu durumda baz\u0131 genel ilkeler ge\u00e7erlidir. Tahliye s\u00fcreci s\u0131ras\u0131nda haklar\u0131n\u0131n korunmas\u0131n\u0131 sa\u011flamak i\u00e7in hem ev sahiplerinin hem de kirac\u0131lar\u0131n bu yasalara a\u015fina olmalar\u0131 hayati \u00f6nem ta\u015f\u0131maktad\u0131r.<\/p>\n<p>\u0130\u00e7g\u00f6r\u00fc kazanmak i\u00e7in \u00f6ncelikle bu t\u00fcr eylemleri ba\u015flatmadan \u00f6nce genellikle gerekli olan bildirim t\u00fcrlerini anlamak gerekir. \u00d6rne\u011fin, baz\u0131 yarg\u0131 b\u00f6lgelerinde tahliye davas\u0131 a\u00e7madan \u00f6nce \u00f6deme yapmak veya i\u015ften \u00e7\u0131kmak i\u00e7in bildirimde bulunulmas\u0131 gerekir.<\/p>\n<p>Ek olarak, neden gereklilikleri, bildirimlerin tebli\u011f edilmesinden sonraki zorunlu bekleme s\u00fcreleri ve kirac\u0131lar\u0131n kullanabilece\u011fi potansiyel savunmalar gibi hususlar\u0131n anla\u015f\u0131lmas\u0131, bu karma\u015f\u0131k hukuk alan\u0131nda gezinmede \u00e7ok de\u011ferli olabilir.<\/p>\n<h2><span class=\"ez-toc-section\" id=\"Atinadaki_Emlak_Avukatlari\"><\/span>Atina&#8217;daki Emlak Avukatlar\u0131<span class=\"ez-toc-section-end\"><\/span><\/h2>\n<p>Yunanistan&#8217;daki m\u00fclkiyet kanunlar\u0131 ve d\u00fczenlemelerinin \u00e7e\u015fitlili\u011fi,<br \/>Yerel d\u00fczenlemeleri tam olarak anlayan profesyonellerin i\u015fe al\u0131nmas\u0131.<\/p>\n<p>Gayrimenkul avukatlar\u0131, kira s\u00f6zle\u015fmeleri, tahliye i\u015flemleri, m\u00fclkiyet anla\u015fmazl\u0131klar\u0131 ve di\u011fer ilgili konular gibi \u00e7e\u015fitli konularda sa\u011flam tavsiyeler sunarak hem ev sahiplerinin hem de kirac\u0131lar\u0131n \u00e7\u0131karlar\u0131n\u0131 korumada merkezi bir rol oynamaktad\u0131r.<\/p>\n<p>Atina \u00e7ok say\u0131da emlak avukat\u0131na sahip olmakla \u00f6v\u00fcnmektedir.<br \/>Yunan m\u00fclkiyet hukuku alan\u0131nda deneyimli.<\/p>\n<p>Bu hukuk uzmanlar\u0131 kay\u0131t prosed\u00fcrleri hakk\u0131nda kapsaml\u0131 bilgiye sahiptir<br \/>arazi, imar sorunlar\u0131, vergi politikalar\u0131 ve \u00e7ok daha fazlas\u0131.<\/p>\n<p>Bir m\u00fclk i\u015fleminin her a\u015famas\u0131nda paha bi\u00e7ilmez yard\u0131m sa\u011flayabilirler &#8211;<br \/>s\u00f6zle\u015fmelerin haz\u0131rlanmas\u0131ndan ilgili taraflarla \u015fartlar\u0131n m\u00fczakere edilmesine ve hatta m\u00fcvekkillerin mahkemede temsil edilmesine kadar<br \/>herhangi bir fark.<\/p>\n<p>Gayrimenkul rehberli\u011fi arayan ki\u015filer, uzmanl\u0131klar\u0131n\u0131 taahh\u00fct ederek, bu alandaki karma\u015f\u0131k i\u015flemlerde yer alan potansiyel riskleri azalt\u0131rken, y\u00fcr\u00fcrl\u00fckteki yasalara uymalar\u0131n\u0131 sa\u011flarlar.<\/p>\n<h2><span class=\"ez-toc-section\" id=\"Kiracilara_hukuki_destek_saglanmasi\"><\/span>Kirac\u0131lara hukuki destek sa\u011flanmas\u0131<span class=\"ez-toc-section-end\"><\/span><\/h2>\n<p>Konusunda uzman deneyimli gayrimenkul avukatlar\u0131ndan hukuki destek al\u0131nmas\u0131<br \/>Kirac\u0131n\u0131n temsili, ki\u015finin \u00e7\u0131karlar\u0131n\u0131n korunmas\u0131n\u0131 ve kirac\u0131l\u0131kla ilgili her t\u00fcrl\u00fc anla\u015fmazl\u0131k veya sorunun etkili bir \u015fekilde ele al\u0131nmas\u0131n\u0131 sa\u011flamak i\u00e7in gereklidir.<br \/>Nitelikli bir gayrimenkul kiralama avukat\u0131 \u00e7ok de\u011ferli yard\u0131m sa\u011flayabilir<br \/>Kira s\u00f6zle\u015fmelerinde belirtilen h\u00fck\u00fcm ve ko\u015fullar\u0131 anlamak, ayr\u0131mc\u0131l\u0131k vakalar\u0131yla ilgilenmek, ev sahipleriyle olan anla\u015fmazl\u0131klar\u0131 \u00e7\u00f6zmek ve yerel konut yasalar\u0131na uyumu sa\u011flamak gibi kirac\u0131l\u0131\u011f\u0131n \u00e7e\u015fitli y\u00f6nleri hakk\u0131nda.<\/p>\n<p>Ayr\u0131ca bu profesyoneller, tahliye i\u015flemleri s\u0131ras\u0131nda veya uzmanlar\u0131n bulunmas\u0131n\u0131n fark yaratabilece\u011fi di\u011fer kritik durumlarda kirac\u0131 haklar\u0131n\u0131n savunulmas\u0131nda kritik bir rol oynarlar.<\/p>\n<p>Kendi benzersiz ihtiya\u00e7lar\u0131na uygun olarak zaman\u0131nda hukuki tavsiye almak isteyen<br \/>kirac\u0131lar\u0131n konaklamalar\u0131 boyunca g\u00f6n\u00fcl rahatl\u0131\u011f\u0131 ya\u015farken haklar\u0131n\u0131 koruma olas\u0131l\u0131klar\u0131 daha y\u00fcksektir.<\/p>\n<h2><span class=\"ez-toc-section\" id=\"Cozum\"><\/span>\u00c7\u00f6z\u00fcm<span class=\"ez-toc-section-end\"><\/span><\/h2>\n<p>Sonu\u00e7 olarak, kirac\u0131lar\u0131n haklar\u0131 \u00e7ok \u00f6nemli bir rol oynamaktad\u0131r.<br \/>Ev sahipleri ve kirac\u0131lar aras\u0131ndaki dengeyi sa\u011flamak. Uyumlu bir kiralama deneyimi sa\u011flamak i\u00e7in her iki taraf\u0131n da bu haklar\u0131 anlamas\u0131 \u00f6nemlidir.<\/p>\n<p>Ticari kiralama konusunda uzmanla\u015fm\u0131\u015f hukuk dan\u0131\u015fmanlar\u0131, kirac\u0131lara \u00e7ok de\u011ferli tavsiyeler ve temsiller sa\u011flayabilir.<br \/>tahliyeyi savunmak veya kira s\u00f6zle\u015fmesini feshetmek gibi karma\u015f\u0131k durumlar;<\/p>\n<p>Ayr\u0131ca, gayrimenkul uzmanlar\u0131ndan hukuki yard\u0131m almak, gayrimenkul kiralama anla\u015fmazl\u0131klar\u0131na kar\u0131\u015fan ki\u015filere b\u00fcy\u00fck fayda sa\u011flayabilir.<\/p>\n<p>Atina gibi \u015fehirler kendi pazarlar\u0131nda b\u00fcy\u00fcmeye devam ederken<br \/>\u0130nsanlar\u0131n kira haklar\u0131 konusunda iyi bilgilendirilmesi ve yard\u0131ma ba\u015fvurmas\u0131 giderek daha \u00f6nemli hale geliyor.<br \/>Gerekti\u011finde deneyimli profesyoneller.<\/p>\n<p>&nbsp;<\/p>\n<p>Gayrimenkul Kiralama Avukat\u0131<br \/>Deuteriou A. ve Ortaklar\u0131.<\/p>\n<p>39 Stadiou, Atina<\/p>\n<p>[\/et_pb_text][\/et_pb_column][et_pb_column type=&#8221;1_3&#8243; _builder_version=&#8221;4.16&#8243; background_image=&#8221;https:\/\/deftereou-law.gr\/wp-content\/uploads\/2021\/10\/deftereou-dikigoriko-grafeio-img.webp&#8221; global_colors_info=&#8221;{}&#8221;][\/et_pb_column][\/et_pb_row][\/et_pb_section][et_pb_section fb_built=&#8221;1&#8243; _builder_version=&#8221;4.16&#8243; background_color=&#8221;#000000&#8243; saved_tabs=&#8221;all&#8221; global_colors_info=&#8221;{}&#8221;][\/et_pb_section][et_pb_section fb_built=&#8221;1&#8243; _builder_version=&#8221;4.16&#8243; _module_preset=&#8221;default&#8221; global_colors_info=&#8221;{}&#8221;][et_pb_row _builder_version=&#8221;4.16&#8243; _module_preset=&#8221;default&#8221; global_colors_info=&#8221;{}&#8221;][et_pb_column type=&#8221;4_4&#8243; _builder_version=&#8221;4.16&#8243; _module_preset=&#8221;default&#8221; global_colors_info=&#8221;{}&#8221;][\/et_pb_column][\/et_pb_row][\/et_pb_section]<\/p>\n","protected":false},"excerpt":{"rendered":"<p>Bizi tan\u0131y\u0131nGayrimenkul Kiralama Avukat\u0131Bizim felsefemizM\u00fclk Kiralama Avukat Anna Deuteriou ve Ortaklar\u0131. Hem ticari hem de konut kiralama s\u00f6zle\u015fmeleri yap\u0131l\u0131rken bunlar\u0131n haz\u0131rlanmas\u0131 ve genel denetimi i\u00e7in bir avukat\u0131n yard\u0131m\u0131na ihtiya\u00e7 vard\u0131r. Vakalar\u0131 ba\u015far\u0131yla ele al\u0131yoruz: Ticari kiralamalarKonut kiralamalar\u0131Sorunlar\u0131n hem mahkeme d\u0131\u015f\u0131nda hem de yetkili mahkemeler \u00f6n\u00fcnde \u00e7\u00f6z\u00fcm\u00fc konusunda tavsiyelerde bulunmak.\u00d6zel kira s\u00f6zle\u015fmeleri m\u00fczakere edilirken ve sonu\u00e7land\u0131r\u0131l\u0131rken rehberlik ve hukuki dan\u0131\u015fmanl\u0131k. Ayr\u0131ca hukuk b\u00fcromuz, \u00fcst d\u00fczey dan\u0131\u015fmanl\u0131k, mahkeme d\u0131\u015f\u0131 ve adli i\u015flemlerle m\u00fcvekkillerin \u00e7\u0131karlar\u0131n\u0131 en iyi \u015fekilde savunmay\u0131 ama\u00e7lamaktad\u0131r. Ayr\u0131ca sivil, bankac\u0131l\u0131k ve di\u011fer anla\u015fmazl\u0131klar\u0131 \u00e7\u00f6zmenin do\u011frudan bir yolu olarak dan\u0131\u015fmanl\u0131k hizmetleri de sa\u011fl\u0131yoruz. Uzman kadromuz, m\u00fc\u015fterilerimizin anla\u015fmazl\u0131klar\u0131n\u0131n an\u0131nda ve etkin \u00e7\u00f6z\u00fcm\u00fcn\u00fc garanti eder. Geni\u015f ortak a\u011f\u0131m\u0131z, dan\u0131\u015fma ve yarg\u0131 d\u00fczeyinde derhal yan\u0131t vererek, m\u00fcd\u00fcrlerimizin gereksinimlerine mutlak verimlilikle yan\u0131t verir. Halen bu alanda uzun y\u0131llara dayanan deneyime sahip oldu\u011fumuzdan, her t\u00fcrl\u00fc ceza ve hukuk davas\u0131n\u0131 y\u00fcr\u00fctmeye haz\u0131r\u0131z. Profesyonel Kiralama Avukat\u0131 \u00d6zel ve t\u00fczel ki\u015filerin davalar\u0131n\u0131 \u00fcstlenmeleri ve ba\u015far\u0131l\u0131 bir \u015fekilde y\u00fcr\u00fctmeleri i\u00e7in gerekli bilgi birikimi ve gerekli \u00f6zen ile her zaman yan\u0131nday\u0131z. Randevunuzu hemen olu\u015fturmak i\u00e7in bizimle ileti\u015fime ge\u00e7in. Ortaklar\u0131m\u0131zdan biri, davan\u0131z\u0131n mahkeme d\u0131\u015f\u0131 veya adli \u00e7\u00f6z\u00fcm\u00fc i\u00e7in en iyi tavsiyeyi vererek size rehberlik edecektir. Kirac\u0131lar i\u00e7in avukatlar Endi\u015felendi\u011finiz konu ile ilgili her t\u00fcrl\u00fc sorunuz i\u00e7in bizi aramaktan veya ileti\u015fim formunu doldurmaktan [&hellip;]<\/p>\n","protected":false},"author":3,"featured_media":0,"parent":0,"menu_order":0,"comment_status":"closed","ping_status":"closed","template":"","meta":{"_et_pb_use_builder":"on","_et_pb_old_content":"","_et_gb_content_width":"","_mbp_gutenberg_autopost":false,"footnotes":""},"class_list":["post-1604","page","type-page","status-publish","hentry"],"_links":{"self":[{"href":"https:\/\/deftereou-law.gr\/tr\/wp-json\/wp\/v2\/pages\/1604","targetHints":{"allow":["GET"]}}],"collection":[{"href":"https:\/\/deftereou-law.gr\/tr\/wp-json\/wp\/v2\/pages"}],"about":[{"href":"https:\/\/deftereou-law.gr\/tr\/wp-json\/wp\/v2\/types\/page"}],"author":[{"embeddable":true,"href":"https:\/\/deftereou-law.gr\/tr\/wp-json\/wp\/v2\/users\/3"}],"replies":[{"embeddable":true,"href":"https:\/\/deftereou-law.gr\/tr\/wp-json\/wp\/v2\/comments?post=1604"}],"version-history":[{"count":4,"href":"https:\/\/deftereou-law.gr\/tr\/wp-json\/wp\/v2\/pages\/1604\/revisions"}],"predecessor-version":[{"id":2431,"href":"https:\/\/deftereou-law.gr\/tr\/wp-json\/wp\/v2\/pages\/1604\/revisions\/2431"}],"wp:attachment":[{"href":"https:\/\/deftereou-law.gr\/tr\/wp-json\/wp\/v2\/media?parent=1604"}],"curies":[{"name":"wp","href":"https:\/\/api.w.org\/{rel}","templated":true}]}}